{"id":6513,"date":"2019-04-18T09:36:00","date_gmt":"2019-04-18T09:36:00","guid":{"rendered":"https:\/\/www.elisabetbach.com\/sobre-mi\/"},"modified":"2026-08-19T10:24:30","modified_gmt":"2026-08-19T10:24:30","slug":"sobre-mi","status":"publish","type":"page","link":"https:\/\/elisabetbach.com\/es\/sobre-mi\/","title":{"rendered":"Sobre m\u00ed"},"content":{"rendered":"<div class=\"wpb-content-wrapper\"><p>[vc_row full_width=\u00bbstretch_row_content_no_spaces\u00bb content_placement=\u00bbmiddle\u00bb css=\u00bb.vc_custom_1555580918171{margin-top: 0px !important;margin-bottom: 0px !important;padding-top: 0px !important;padding-bottom: 0px !important;background-color: #c1bfc0 !important;}\u00bb][vc_column width=\u00bb1\/2&#8243; css=\u00bb.vc_custom_1555580814457{margin-top: 0px !important;margin-bottom: 0px !important;padding-top: 0px !important;padding-bottom: 0px !important;}\u00bb][vc_single_image image=\u00bb6273&#8243; img_size=\u00bbfull\u00bb css=\u00bb.vc_custom_1555581769134{margin-top: 0px !important;margin-bottom: 0px !important;padding-top: 0px !important;padding-bottom: 0px !important;}\u00bb el_class=\u00bbsobremi\u00bb][\/vc_column][vc_column width=\u00bb1\/2&#8243; css=\u00bb.vc_custom_1555580909828{margin-top: 0px !important;margin-bottom: 0px !important;padding-top: 0px !important;padding-right: 30px !important;padding-bottom: 0px !important;padding-left: 30px !important;}\u00bb][vc_column_text]<\/p>\n<h1 style=\"text-align: left;\">SOBRE MI<\/h1>\n<h3 style=\"text-align: left;\"><em>Disfruta tu negocio<\/em><\/h3>\n<p>[\/vc_column_text][vc_column_text css=\u00bb.vc_custom_1558080278163{padding-right: 30px !important;}\u00bb]Soy una gran admiradora de las personas profesionales aut\u00f3nomas y de las micropymes. He dedicado toda mi vida profesional a la PYME y los \u00faltimos 10 a\u00f1os a mi gran pasi\u00f3n: la consultor\u00eda de gesti\u00f3n del crecimiento de los negocios de personas profesionales aut\u00f3nomas y microempresas.[\/vc_column_text][\/vc_column][\/vc_row][vc_row css=\u00bb.vc_custom_1555580152966{padding-top: 20px !important;padding-bottom: 40px !important;}\u00bb][vc_column width=\u00bb1\/2&#8243;][vc_column_text]Desde que estudi\u00e9 la Licenciatura y el M\u00e1ster en Direcci\u00f3n y Administraci\u00f3n de Empresas, he tenido la inquietud de trabajar con herramientas que ayudar\u00e1n a la toma de decisiones. Me sorprendi\u00f3 que muchas de los conceptos que hab\u00eda aprendido deb\u00eda adaptarlos para aplicarlos a la PYME y que deb\u00eda hacerlos entendibles para las personas que las gestionan. Este objetivo me ha acompa\u00f1ado siempre: constantemente buscando, aprendiendo y mejorando para que la gesti\u00f3n sea f\u00e1cil y efectiva.<\/p>\n<p>Puse en marcha el \u00e1rea de promoci\u00f3n econ\u00f3mica del Ayuntamiento de Sant Celoni y sus servicios, trabaje durante 10 a\u00f1os en el \u00e1rea econ\u00f3mico-financiera de una empresa industrial textil y tambi\u00e9n he llevado durante 10 a\u00f1os la administraci\u00f3n de una escuela concertada. Esta experiencia me da una visi\u00f3n muy amplia tanto de los sectores del emprendimiento, la peque\u00f1a empresa, industrial y de servicios.[\/vc_column_text][\/vc_column][vc_column width=\u00bb1\/2&#8243;][vc_column_text]Mi especialidad son las \u00e1reas estrat\u00e9gica y econ\u00f3mico-financiera. Ayudo a mis clientes a ordenar sus ideas y a focalizar sus negocios, sin perder de vista la viabilidad y el rendimiento econ\u00f3mico de sus empresas.<\/p>\n<p>Hago simples los conceptos que parecen complejos para que cualquier persona emprendedora pueda entenderlos. Disfruto explicando cada punto para que la persona crezca profesionalmente y pueda dirigir su empresa de forma aut\u00f3noma.<\/p>\n<p>&nbsp;<\/p>\n<h3><em>Con un objetivo: que las personas disfruten de su negocio.<\/em><\/h3>\n<p>[\/vc_column_text][\/vc_column][\/vc_row][vc_row full_width=\u00bbstretch_row_content_no_spaces\u00bb content_placement=\u00bbmiddle\u00bb parallax=\u00bbcontent-moving\u00bb parallax_image=\u00bb6057&#8243; css=\u00bb.vc_custom_1556095084515{border-top-width: 1px !important;padding-top: 40px !important;padding-bottom: 40px !important;border-top-color: #ededed !important;}\u00bb][vc_column width=\u00bb2\/6&#8243;][\/vc_column][vc_column width=\u00bb3\/6&#8243;][vc_column_text]<\/p>\n<h1>CONT\u00c1CTENOS<\/h1>\n<p>Si tienes una empresa en crecimiento y sientes que te desborda, podemos ayudarte a gestionarlo.[\/vc_column_text]\n<div class=\"wpcf7 no-js\" id=\"wpcf7-f4946-o1\" lang=\"es-ES\" dir=\"ltr\" data-wpcf7-id=\"4946\">\n<div class=\"screen-reader-response\"><p role=\"status\" aria-live=\"polite\" aria-atomic=\"true\"><\/p> <ul><\/ul><\/div>\n<form action=\"\/es\/wp-json\/wp\/v2\/pages\/6513#wpcf7-f4946-o1\" method=\"post\" class=\"wpcf7-form init\" aria-label=\"Formulario de contacto\" novalidate=\"novalidate\" data-status=\"init\">\n<fieldset class=\"hidden-fields-container\"><input type=\"hidden\" name=\"_wpcf7\" value=\"4946\" \/><input type=\"hidden\" name=\"_wpcf7_version\" value=\"6.1.7\" \/><input type=\"hidden\" name=\"_wpcf7_locale\" value=\"es_ES\" \/><input type=\"hidden\" name=\"_wpcf7_unit_tag\" value=\"wpcf7-f4946-o1\" \/><input type=\"hidden\" name=\"_wpcf7_container_post\" value=\"0\" \/><input type=\"hidden\" name=\"_wpcf7_posted_data_hash\" value=\"\" \/><input type=\"hidden\" name=\"_wpcf7_recaptcha_response\" value=\"\" \/>\n<\/fieldset>\n<p><label for=\"nom\">Nombre *<\/label><br \/>\n<span class=\"wpcf7-form-control-wrap\" data-name=\"nom\"><input size=\"40\" maxlength=\"400\" class=\"wpcf7-form-control wpcf7-text wpcf7-validates-as-required\" id=\"nom\" aria-required=\"true\" aria-invalid=\"false\" value=\"Nombre\" type=\"text\" name=\"nom\" \/><\/span>\n<\/p>\n<p><label for=\"correu\">Correo electr\u00f3nico *<\/label><br \/>\n<span class=\"wpcf7-form-control-wrap\" data-name=\"correu\"><input size=\"40\" maxlength=\"400\" class=\"wpcf7-form-control wpcf7-email wpcf7-validates-as-required wpcf7-text wpcf7-validates-as-email\" id=\"correu\" aria-required=\"true\" aria-invalid=\"false\" value=\"Correo electr\u00f3nico\" type=\"email\" name=\"correu\" \/><\/span>\n<\/p>\n<p><label for=\"assumpte\">Asunto *<\/label><br \/>\n<span class=\"wpcf7-form-control-wrap\" data-name=\"assumpte\"><input size=\"40\" maxlength=\"400\" class=\"wpcf7-form-control wpcf7-text wpcf7-validates-as-required\" id=\"assumpte\" aria-required=\"true\" aria-invalid=\"false\" value=\"Asunto\" type=\"text\" name=\"assumpte\" \/><\/span>\n<\/p>\n<p><label for=\"missatge\">Mensaje *<\/label><br \/>\n<span class=\"wpcf7-form-control-wrap\" data-name=\"missatge\"><textarea cols=\"40\" rows=\"10\" maxlength=\"2000\" class=\"wpcf7-form-control wpcf7-textarea wpcf7-validates-as-required\" id=\"missatge\" aria-required=\"true\" aria-invalid=\"false\" name=\"missatge\">Mensaje<\/textarea><\/span>\n<\/p>\n<p><b>RESPONSABLE TRATAMIENTO:<\/b> Elisabet Bach Consultoria\n<\/p>\n<p><b>FINALIDAD:<\/b> Atender la solicitud del usuario y en caso de aceptaci\u00f3n de env\u00edos de comunicaciones comerciales la finalidad ser\u00e1 mantenerle informado sobre las ofertas y novedades.\n<\/p>\n<p><b>LEGITIMACI\u00d3N:<\/b> Consentimiento del interesado.\n<\/p>\n<p><b>DERECHOS:<\/b> Acceso, rectificaci\u00f3n, supresi\u00f3n, oposici\u00f3n, limitaci\u00f3n, portabilidad, revocaci\u00f3n del consentimiento al correo elisabet@elisabetbach.com o mediante el procedimiento establecido en nuestra pol\u00edtica de privacidad de la web. Si considera que el tratamiento de sus datos no se ajusta a la normativa, puede acudir a la Autoridad de Control (www.aepd.es).\n<\/p>\n<p><b>INFORMACI\u00d3N ADICIONAL:<\/b> m\u00e1s informaci\u00f3n en nuestra pol\u00edtica de privacidad.\n<\/p>\n<p><span class=\"wpcf7-form-control-wrap\" data-name=\"acceptance\"><span class=\"wpcf7-form-control wpcf7-acceptance\"><span class=\"wpcf7-list-item\"><label><input type=\"checkbox\" name=\"acceptance\" value=\"1\" aria-invalid=\"false\" \/><span class=\"wpcf7-list-item-label\">Acepto que se traten mis datos para atender la solicitud de informaci\u00f3n.<\/span><\/label><\/span><\/span><\/span>\n<\/p>\n<p><span class=\"wpcf7-form-control-wrap\" data-name=\"newsletter\"><span class=\"wpcf7-form-control wpcf7-acceptance optional\"><span class=\"wpcf7-list-item\"><label><input type=\"checkbox\" name=\"newsletter\" value=\"1\" aria-invalid=\"false\" \/><span class=\"wpcf7-list-item-label\">Acepto que se traten mis datos para recibir las ofertas y novedades.<\/span><\/label><\/span><\/span><\/span>\n<\/p>\n<p><i>* Campos obligatorios<\/i>\n<\/p>\n\n<p><input class=\"wpcf7-form-control wpcf7-submit has-spinner\" type=\"submit\" value=\"Env\u00eda\" \/>\n<\/p><div class=\"wpcf7-response-output\" aria-hidden=\"true\"><\/div>\n<\/form>\n<\/div>\n[\/vc_column][vc_column width=\u00bb1\/6&#8243;][\/vc_column][\/vc_row]<\/p>\n<\/div>","protected":false},"excerpt":{"rendered":"<p>[vc_row full_width=\u00bbstretch_row_content_no_spaces\u00bb content_placement=\u00bbmiddle\u00bb css=\u00bb.vc_custom_1555580918171{margin-top: 0px !important;margin-bottom: 0px !important;padding-top: 0px !important;padding-bottom: 0px !important;background-color: #c1bfc0 !important;}\u00bb][vc_column width=\u00bb1\/2&#8243; css=\u00bb.vc_custom_1555580814457{margin-top: 0px !important;margin-bottom: 0px !important;padding-top: 0px !important;padding-bottom: 0px !important;}\u00bb][vc_single_image image=\u00bb6273&#8243; img_size=\u00bbfull\u00bb<span class=\"excerpt-hellip\"> [\u2026]<\/span><\/p>\n","protected":false},"author":1,"featured_media":-1,"parent":0,"menu_order":0,"comment_status":"closed","ping_status":"closed","template":"","meta":{"footnotes":""},"class_list":["post-6513","page","type-page","status-publish","has-post-thumbnail","hentry"],"yoast_head":"<!-- This site is optimized with the Yoast SEO plugin v28.4 - https:\/\/yoast.com\/product\/yoast-seo-wordpress\/ -->\n<title>Sobre m\u00ed - Elisabet Bach<\/title>\n<meta name=\"robots\" content=\"index, follow, max-snippet:-1, max-image-preview:large, max-video-preview:-1\" \/>\n<link rel=\"canonical\" href=\"https:\/\/elisabetbach.com\/es\/sobre-mi\/\" \/>\n<meta property=\"og:locale\" content=\"es_ES\" \/>\n<meta property=\"og:type\" content=\"article\" \/>\n<meta property=\"og:title\" content=\"Sobre m\u00ed - Elisabet Bach\" \/>\n<meta property=\"og:description\" content=\"[vc_row full_width=\u00bbstretch_row_content_no_spaces\u00bb content_placement=\u00bbmiddle\u00bb css=\u00bb.vc_custom_1555580918171{margin-top: 0px !important;margin-bottom: 0px !important;padding-top: 0px !important;padding-bottom: 0px !important;background-color: #c1bfc0 !important;}\u00bb][vc_column width=\u00bb1\/2&#8243; css=\u00bb.vc_custom_1555580814457{margin-top: 0px !important;margin-bottom: 0px !important;padding-top: 0px !important;padding-bottom: 0px !important;}\u00bb][vc_single_image image=\u00bb6273&#8243; img_size=\u00bbfull\u00bb [\u2026]\" \/>\n<meta property=\"og:url\" content=\"https:\/\/elisabetbach.com\/es\/sobre-mi\/\" \/>\n<meta property=\"og:site_name\" content=\"Elisabet Bach\" \/>\n<meta property=\"article:publisher\" content=\"https:\/\/www.facebook.com\/elisabetbacholler\/\" \/>\n<meta property=\"article:modified_time\" content=\"2026-08-19T10:24:30+00:00\" \/>\n<meta name=\"twitter:label1\" content=\"Tiempo de lectura\" \/>\n\t<meta name=\"twitter:data1\" content=\"3 minutos\" \/>\n<script type=\"application\/ld+json\" class=\"yoast-schema-graph\">{\"@context\":\"https:\\\/\\\/schema.org\",\"@graph\":[{\"@type\":\"WebPage\",\"@id\":\"https:\\\/\\\/elisabetbach.com\\\/es\\\/sobre-mi\\\/\",\"url\":\"https:\\\/\\\/elisabetbach.com\\\/es\\\/sobre-mi\\\/\",\"name\":\"Sobre m\u00ed - Elisabet Bach\",\"isPartOf\":{\"@id\":\"https:\\\/\\\/elisabetbach.com\\\/en\\\/#website\"},\"datePublished\":\"2019-04-18T09:36:00+00:00\",\"dateModified\":\"2026-08-19T10:24:30+00:00\",\"breadcrumb\":{\"@id\":\"https:\\\/\\\/elisabetbach.com\\\/es\\\/sobre-mi\\\/#breadcrumb\"},\"inLanguage\":\"es\",\"potentialAction\":[{\"@type\":\"ReadAction\",\"target\":[\"https:\\\/\\\/elisabetbach.com\\\/es\\\/sobre-mi\\\/\"]}]},{\"@type\":\"BreadcrumbList\",\"@id\":\"https:\\\/\\\/elisabetbach.com\\\/es\\\/sobre-mi\\\/#breadcrumb\",\"itemListElement\":[{\"@type\":\"ListItem\",\"position\":1,\"name\":\"Home\",\"item\":\"https:\\\/\\\/elisabetbach.com\\\/es\\\/\"},{\"@type\":\"ListItem\",\"position\":2,\"name\":\"Sobre m\u00ed\"}]},{\"@type\":\"WebSite\",\"@id\":\"https:\\\/\\\/elisabetbach.com\\\/en\\\/#website\",\"url\":\"https:\\\/\\\/elisabetbach.com\\\/en\\\/\",\"name\":\"Elisabet Bach\",\"description\":\"Consultora Econ\u00f3mica y Financiera\",\"potentialAction\":[{\"@type\":\"SearchAction\",\"target\":{\"@type\":\"EntryPoint\",\"urlTemplate\":\"https:\\\/\\\/elisabetbach.com\\\/en\\\/?s={search_term_string}\"},\"query-input\":{\"@type\":\"PropertyValueSpecification\",\"valueRequired\":true,\"valueName\":\"search_term_string\"}}],\"inLanguage\":\"es\"}]}<\/script>\n<!-- \/ Yoast SEO plugin. -->","yoast_head_json":{"title":"Sobre m\u00ed - Elisabet Bach","robots":{"index":"index","follow":"follow","max-snippet":"max-snippet:-1","max-image-preview":"max-image-preview:large","max-video-preview":"max-video-preview:-1"},"canonical":"https:\/\/elisabetbach.com\/es\/sobre-mi\/","og_locale":"es_ES","og_type":"article","og_title":"Sobre m\u00ed - Elisabet Bach","og_description":"[vc_row full_width=\u00bbstretch_row_content_no_spaces\u00bb content_placement=\u00bbmiddle\u00bb css=\u00bb.vc_custom_1555580918171{margin-top: 0px !important;margin-bottom: 0px !important;padding-top: 0px !important;padding-bottom: 0px !important;background-color: #c1bfc0 !important;}\u00bb][vc_column width=\u00bb1\/2&#8243; css=\u00bb.vc_custom_1555580814457{margin-top: 0px !important;margin-bottom: 0px !important;padding-top: 0px !important;padding-bottom: 0px !important;}\u00bb][vc_single_image image=\u00bb6273&#8243; img_size=\u00bbfull\u00bb [\u2026]","og_url":"https:\/\/elisabetbach.com\/es\/sobre-mi\/","og_site_name":"Elisabet Bach","article_publisher":"https:\/\/www.facebook.com\/elisabetbacholler\/","article_modified_time":"2026-08-19T10:24:30+00:00","twitter_misc":{"Tiempo de lectura":"3 minutos"},"schema":{"@context":"https:\/\/schema.org","@graph":[{"@type":"WebPage","@id":"https:\/\/elisabetbach.com\/es\/sobre-mi\/","url":"https:\/\/elisabetbach.com\/es\/sobre-mi\/","name":"Sobre m\u00ed - Elisabet Bach","isPartOf":{"@id":"https:\/\/elisabetbach.com\/en\/#website"},"datePublished":"2019-04-18T09:36:00+00:00","dateModified":"2026-08-19T10:24:30+00:00","breadcrumb":{"@id":"https:\/\/elisabetbach.com\/es\/sobre-mi\/#breadcrumb"},"inLanguage":"es","potentialAction":[{"@type":"ReadAction","target":["https:\/\/elisabetbach.com\/es\/sobre-mi\/"]}]},{"@type":"BreadcrumbList","@id":"https:\/\/elisabetbach.com\/es\/sobre-mi\/#breadcrumb","itemListElement":[{"@type":"ListItem","position":1,"name":"Home","item":"https:\/\/elisabetbach.com\/es\/"},{"@type":"ListItem","position":2,"name":"Sobre m\u00ed"}]},{"@type":"WebSite","@id":"https:\/\/elisabetbach.com\/en\/#website","url":"https:\/\/elisabetbach.com\/en\/","name":"Elisabet Bach","description":"Consultora Econ\u00f3mica y Financiera","potentialAction":[{"@type":"SearchAction","target":{"@type":"EntryPoint","urlTemplate":"https:\/\/elisabetbach.com\/en\/?s={search_term_string}"},"query-input":{"@type":"PropertyValueSpecification","valueRequired":true,"valueName":"search_term_string"}}],"inLanguage":"es"}]}},"_links":{"self":[{"href":"https:\/\/elisabetbach.com\/es\/wp-json\/wp\/v2\/pages\/6513","targetHints":{"allow":["GET"]}}],"collection":[{"href":"https:\/\/elisabetbach.com\/es\/wp-json\/wp\/v2\/pages"}],"about":[{"href":"https:\/\/elisabetbach.com\/es\/wp-json\/wp\/v2\/types\/page"}],"author":[{"embeddable":true,"href":"https:\/\/elisabetbach.com\/es\/wp-json\/wp\/v2\/users\/1"}],"replies":[{"embeddable":true,"href":"https:\/\/elisabetbach.com\/es\/wp-json\/wp\/v2\/comments?post=6513"}],"version-history":[{"count":6,"href":"https:\/\/elisabetbach.com\/es\/wp-json\/wp\/v2\/pages\/6513\/revisions"}],"predecessor-version":[{"id":14358,"href":"https:\/\/elisabetbach.com\/es\/wp-json\/wp\/v2\/pages\/6513\/revisions\/14358"}],"wp:attachment":[{"href":"https:\/\/elisabetbach.com\/es\/wp-json\/wp\/v2\/media?parent=6513"}],"curies":[{"name":"wp","href":"https:\/\/api.w.org\/{rel}","templated":true}]}}